{"id":8157,"date":"2021-10-14T14:31:26","date_gmt":"2021-10-14T12:31:26","guid":{"rendered":"https:\/\/creandgroup.com\/espai-premsa\/"},"modified":"2024-07-09T14:56:11","modified_gmt":"2024-07-09T12:56:11","slug":"espace-presse","status":"publish","type":"page","link":"https:\/\/creandgroup.com\/fr\/actualite\/espace-presse\/","title":{"rendered":"Espace Presse"},"content":{"rendered":"<section data-block_31d58f476b44601cd99f217616bee649 class=\"hero align section-hero-primary relative block clear-both overflow-hidden bg-center bg-cover\" data-aos=\"fade\" data-aos-duration=\"500\" data-aos-easing=\"ease-in-out\" data-aos-once=\"true\">\n        <div class=\"wrapper flex lg:flex-nowrap flex-wrap justify-between 3xl:container\">\n            <div class=\"w-full lg:w-2\/5 xl:w-1\/2 2xl:w-1\/2 py-10 px-4 md:pl-20 lg:pt-20 lg:pb-28 3xl:px-0\">\n                <h1 class=\"font-extrabold text-title 2xl:text-5xl font-tiempos_bold\">Espace Presse<br \/>\r\n<\/h1>\n                                <div class=\"mt-3 text-lg font-roboto_regular font-light\">Espace d\u2019information pour les professionnels des m\u00e9dias.<br \/>\r\nCette page contient des contenus sur l\u2019entreprise et l\u2019actualit\u00e9,<br \/>\r\ndu mat\u00e9riel et des ressources multim\u00e9dias susceptibles d\u2019\u00eatre<br \/>\r\nutiles aux activit\u00e9s d\u2019information. <br \/>\r\n<\/div>\n            <\/div>\n            <div class=\"w-auto lg:w-2\/5 2xl:w-1\/2 relative hidden bg-top bg-cover bg-no-repeat lg:block semi-circle border-primary_direct_green_light -mr-10 2xl:-mr-12\"  style=\"background-image: url('https:\/\/creandgroup.com\/wp-content\/uploads\/espai-premsa-header.jpg')\">\n                <div class=\"absolute hidden lg:block semi-circle-contorn\">\n            <\/div>\n        <\/div>\n    <\/section>\n<style>\n    .section-hero-primary{\n        background-image: url(https:\/\/creandgroup.com\/wp-content\/uploads\/sand-texture-.png);\n    }\n    .section-hero-primary::after{\n        content: \"\";\n        width: 100%;\n        height: 100%;\n        background: black;\n        opacity: 0.1;\n        position: absolute;\n        top: 0px;\n        left: 0px;\n        z-index: -1;\n    }\n    .semi-circle{\n        background-image: none;\n    }\n    @media (min-width: 1024px) {\n        .semi-circle{\n            background-image: url('https:\/\/creandgroup.com\/wp-content\/uploads\/sand-texture-.png');\n            width: 690px;\n            height: 345px; \/* as the half of the width *\/\n            border-bottom-left-radius: 690px;\n            border-bottom-right-radius: 690px;\n            border: 0px;\n            margin-top: -100px;\n        }\n        .semi-circle-contorn {\n            content: '';\n            border: 0.64534px solid #90D5AC;\n            opacity: 0.5;\n            width: 817px;\n            height: 817px;\n            border-radius: 50%;\n            \/* border-bottom-left-radius: 817px; *\/\n            \/* border-bottom-right-radius: 817px; *\/\n            right: -60px;\n            top: -126%;\n        }\n    }\n<\/style>\n\n\n<section id=\"block_a85b095ea742898204c45a479756bf6b\"  data-block_a85b095ea742898204c45a479756bf6b class=\"text-img-positioned align w-full section-text-img-positioned relative block clear-both overflow-hidden mt-8 lg:mt-16\" >\n   <div class=\"flex flex-wrap lg:flex-nowrap mt-12 max-w-extra_wide mx-auto items-center justify-between  flex-row \">\n        <div class=\"w-full md:w-1\/2 2xl:w-2\/5 px-4 md:px-8   lg:pl-16 xl:pl-20 2xl:pl-34 2xl:pr-0  text-center md:text-left section-info\">\n                        <h2 class=\"text-title font-tiempos_bold\" data-aos=\"fade-left\" data-aos-duration=\"500\" data-aos-once=\"true\">Contact Presse<\/h2>\n                                    <div class=\"block mt-5 w-full wysiwyg font-light\" data-aos=\"fade-left\" data-aos-duration=\"500\" data-aos-delay=\"250\" data-aos-once=\"true\">\n                <p><a href=\"mailto:press@creandgroup.ad\">press@creandgroup.ad<\/a><\/p>\n<p>&nbsp;<\/p>\n<p>Ces coordonn\u00e9es sont exclusivement r\u00e9serv\u00e9es aux m\u00e9dias. Pour les autres consultations, vous pouvez contacter le service client en \u00e9crivant \u00e0 l\u2019adresse \u00e9lectronique: <a href=\"mailto:info@creand.ad\">info@creand.ad<\/a><\/p>\n\n            <\/div>\n                    <\/div>\n                <div class=\"w-full  md:w-1\/2 flex  justify-end \"  data-aos=\"zoom-out-left\" data-aos-delay=\"200\">\n            <img  data-src=\"https:\/\/creandgroup.com\/wp-content\/uploads\/teclat.jpg\" alt=\"teclat\" class=\"mt-5 lozad w-full lg:mt-0\">\n        <\/div>\n           <\/div>\n<\/section>\n<style>\n.section-text-img-positioned .wysiwyg a {\n    color: #369125;\n    font-weight: 700;\n}\n.section-text-img-positioned .wysiwyg strong,\n.section-text-img-positioned .wysiwyg b {\n    font-weight: 700;\n}\n<\/style>\n\n<section id=\"block_7654dde3bf4450be42dfa3449fa00149\"  data-block_7654dde3bf4450be42dfa3449fa00149 class=\"distr-press-release align mt-10 lg:mt-20 section-post-list-loadmore relative block clear-both w-full overflow-hidden\" data-aos=\"fade\" data-aos-duration=\"500\"  data-aos-delay=\"0\" data-aos-easing=\"ease-in-out\" data-aos-once=\"true\">\n    <div class=\"container\">\n        <h2 class=\"text-title font-tiempos_bold\"  data-aos=\"fade-left\" data-aos-once=\"true\">Notes de presse<\/h2>\n                    <div class=\"flex flex-wrap -mx-4 section-list-posts\">\n                                                         <div class=\"flex-wrap justify-between w-full px-4 mt-10 md:w-1\/2 lg:w-1\/3 section-list-posts-el\">\n                        <div class=\"relative section-list-posts-el-inner\">\n                            <div class=\"image-wrapper relative\">\n                                <!-- mirar como a\u00f1adir esta url de forma dinamica para los idiomas -->\n                                                                    <a href=\"https:\/\/creandgroup.com\/fr\/\/category\/corporatif\" class=\"absolute z-4 px-4 py-1 text-white uppercase bg-white border border-white rounded-full post-category bg-opacity-20 top-3 left-3 hover:bg-opacity-100 hover:text-primary_direct_green_light cursor-pointer duration-150 ease-in-out\">Corporatif<\/a>\n                                                                <a href=\"https:\/\/creandgroup.com\/fr\/notes-de-presse\/le-groupe-creand-enregistre-un-benefice-de-63-millions-deuros-en-2025-et-une-croissance-de-17-de-son-volume-daffaires\/\" target=\"_self\" class=\"link-img\">\n                                    <img decoding=\"async\" loading=\"lazy\" src=\"https:\/\/creandgroup.com\/wp-content\/uploads\/Seu-Social-Creand-1.jpg\" alt=\"https:\/\/creandgroup.com\/wp-content\/uploads\/Seu-Social-Creand-1.jpg\" class=\"w-full  h-80 md:h-60 object-cover\">\n                                <\/a>\n                                                            <\/div>\n                            <div class=\"mt-6 featured-post-info font-light\">\n                                <div class=\"flex items-center\">\n                                    <div class=\"flex items-center\"><svg class=\"icon-calendar-green mr-2\" width=\"16\" height=\"17\" viewBox=\"0 0 16 17\" fill=\"none\" xmlns=\"https:\/\/www.w3.org\/2000\/svg\">\n<path d=\"M2 3.83325H14V14.4999H2V3.83325Z\" stroke=\"#369125\" stroke-linejoin=\"round\"\/>\n<path d=\"M14 6.49992H2\" stroke=\"#369125\" stroke-linecap=\"round\"\/>\n<path d=\"M4.66667 3.83333V2.5\" stroke=\"#369125\" stroke-linecap=\"round\"\/>\n<path d=\"M11.3332 3.83333V2.5\" stroke=\"#369125\" stroke-linecap=\"round\"\/>\n<\/svg> <span class=\"capitalize\"> 08 Avr 2026<\/span> <\/div>\n                                    <div class=\"flex items-center ml-3\"><svg class=\"icon-time-green mr-2\" width=\"16\" height=\"17\" viewBox=\"0 0 16 17\" fill=\"none\" xmlns=\"https:\/\/www.w3.org\/2000\/svg\">\n<path d=\"M14.8332 8.50008C14.8332 12.274 11.7738 15.3334 7.99984 15.3334C4.22589 15.3334 1.1665 12.274 1.1665 8.50008C1.1665 4.72614 4.22589 1.66675 7.99984 1.66675C11.7738 1.66675 14.8332 4.72614 14.8332 8.50008Z\" stroke=\"#369125\"\/>\n<path d=\"M8 3.83325V8.49992L10.6667 11.1666\" stroke=\"#369125\" stroke-linecap=\"round\"\/>\n<\/svg> <span> 4 min <\/span><\/div>\n                                <\/div>\n                                <a href=\"https:\/\/creandgroup.com\/fr\/notes-de-presse\/le-groupe-creand-enregistre-un-benefice-de-63-millions-deuros-en-2025-et-une-croissance-de-17-de-son-volume-daffaires\/\" target=\"_self\" class=\"hover:text-primary_direct_green_light hover:font-bold  duration-150\">\n                                    <h5>Le groupe Creand enregistre un b\u00e9n\u00e9fice de 63 millions d\u2019euros en 2025 et une croissance de 17 % de son volume d\u2019affaires<\/h5>\n                                <\/a>\n                            <\/div>                        \n                        <\/div>\n                    <\/div>\n                                                         <div class=\"flex-wrap justify-between w-full px-4 mt-10 md:w-1\/2 lg:w-1\/3 section-list-posts-el\">\n                        <div class=\"relative section-list-posts-el-inner\">\n                            <div class=\"image-wrapper relative\">\n                                <!-- mirar como a\u00f1adir esta url de forma dinamica para los idiomas -->\n                                                                    <a href=\"https:\/\/creandgroup.com\/fr\/\/category\/banque-numerique\" class=\"absolute z-4 px-4 py-1 text-white uppercase bg-white border border-white rounded-full post-category bg-opacity-20 top-3 left-3 hover:bg-opacity-100 hover:text-primary_direct_green_light cursor-pointer duration-150 ease-in-out\">Banque num\u00e9rique<\/a>\n                                                                <a href=\"https:\/\/creandgroup.com\/fr\/notes-de-presse\/creand-credit-andorra-meilleure-banque-numerique-dandorre-en-2026-selon-global-banking-finance-review\/\" target=\"_self\" class=\"link-img\">\n                                    <img decoding=\"async\" loading=\"lazy\" src=\"https:\/\/creandgroup.com\/wp-content\/uploads\/Sandra-Sancho-1-scaled.jpg\" alt=\"https:\/\/creandgroup.com\/wp-content\/uploads\/Sandra-Sancho-1-scaled.jpg\" class=\"w-full  h-80 md:h-60 object-cover\">\n                                <\/a>\n                                                            <\/div>\n                            <div class=\"mt-6 featured-post-info font-light\">\n                                <div class=\"flex items-center\">\n                                    <div class=\"flex items-center\"><svg class=\"icon-calendar-green mr-2\" width=\"16\" height=\"17\" viewBox=\"0 0 16 17\" fill=\"none\" xmlns=\"https:\/\/www.w3.org\/2000\/svg\">\n<path d=\"M2 3.83325H14V14.4999H2V3.83325Z\" stroke=\"#369125\" stroke-linejoin=\"round\"\/>\n<path d=\"M14 6.49992H2\" stroke=\"#369125\" stroke-linecap=\"round\"\/>\n<path d=\"M4.66667 3.83333V2.5\" stroke=\"#369125\" stroke-linecap=\"round\"\/>\n<path d=\"M11.3332 3.83333V2.5\" stroke=\"#369125\" stroke-linecap=\"round\"\/>\n<\/svg> <span class=\"capitalize\"> 24 Mar 2026<\/span> <\/div>\n                                    <div class=\"flex items-center ml-3\"><svg class=\"icon-time-green mr-2\" width=\"16\" height=\"17\" viewBox=\"0 0 16 17\" fill=\"none\" xmlns=\"https:\/\/www.w3.org\/2000\/svg\">\n<path d=\"M14.8332 8.50008C14.8332 12.274 11.7738 15.3334 7.99984 15.3334C4.22589 15.3334 1.1665 12.274 1.1665 8.50008C1.1665 4.72614 4.22589 1.66675 7.99984 1.66675C11.7738 1.66675 14.8332 4.72614 14.8332 8.50008Z\" stroke=\"#369125\"\/>\n<path d=\"M8 3.83325V8.49992L10.6667 11.1666\" stroke=\"#369125\" stroke-linecap=\"round\"\/>\n<\/svg> <span> 2 min <\/span><\/div>\n                                <\/div>\n                                <a href=\"https:\/\/creandgroup.com\/fr\/notes-de-presse\/creand-credit-andorra-meilleure-banque-numerique-dandorre-en-2026-selon-global-banking-finance-review\/\" target=\"_self\" class=\"hover:text-primary_direct_green_light hover:font-bold  duration-150\">\n                                    <h5>Creand Cr\u00e8dit Andorr\u00e0, Meilleure Banque num\u00e9rique d\u2019Andorre en\u00a02026 selon Global Banking &amp; Finance Review<\/h5>\n                                <\/a>\n                            <\/div>                        \n                        <\/div>\n                    <\/div>\n                                                         <div class=\"flex-wrap justify-between w-full px-4 mt-10 md:w-1\/2 lg:w-1\/3 section-list-posts-el\">\n                        <div class=\"relative section-list-posts-el-inner\">\n                            <div class=\"image-wrapper relative\">\n                                <!-- mirar como a\u00f1adir esta url de forma dinamica para los idiomas -->\n                                                                    <a href=\"https:\/\/creandgroup.com\/fr\/\/category\/entrepreneuriat-et-innovation\" class=\"absolute z-4 px-4 py-1 text-white uppercase bg-white border border-white rounded-full post-category bg-opacity-20 top-3 left-3 hover:bg-opacity-100 hover:text-primary_direct_green_light cursor-pointer duration-150 ease-in-out\">Entrepreneuriat et innovation<\/a>\n                                                                <a href=\"https:\/\/creandgroup.com\/fr\/notes-de-presse\/creand-accelera-rassemble-plus-de-130-entrepreneurs-et-investisseurs-lors-dun-sommet-sur-linnovation-organise-dans-le-cadre-de-la-coupe-du-monde-de-ski-alpin-feminin\/\" target=\"_self\" class=\"link-img\">\n                                    <img decoding=\"async\" loading=\"lazy\" src=\"https:\/\/creandgroup.com\/wp-content\/uploads\/Creand-Accelera-scaled.jpeg\" alt=\"https:\/\/creandgroup.com\/wp-content\/uploads\/Creand-Accelera-scaled.jpeg\" class=\"w-full  h-80 md:h-60 object-cover\">\n                                <\/a>\n                                                            <\/div>\n                            <div class=\"mt-6 featured-post-info font-light\">\n                                <div class=\"flex items-center\">\n                                    <div class=\"flex items-center\"><svg class=\"icon-calendar-green mr-2\" width=\"16\" height=\"17\" viewBox=\"0 0 16 17\" fill=\"none\" xmlns=\"https:\/\/www.w3.org\/2000\/svg\">\n<path d=\"M2 3.83325H14V14.4999H2V3.83325Z\" stroke=\"#369125\" stroke-linejoin=\"round\"\/>\n<path d=\"M14 6.49992H2\" stroke=\"#369125\" stroke-linecap=\"round\"\/>\n<path d=\"M4.66667 3.83333V2.5\" stroke=\"#369125\" stroke-linecap=\"round\"\/>\n<path d=\"M11.3332 3.83333V2.5\" stroke=\"#369125\" stroke-linecap=\"round\"\/>\n<\/svg> <span class=\"capitalize\"> 27 F\u00e9v 2026<\/span> <\/div>\n                                    <div class=\"flex items-center ml-3\"><svg class=\"icon-time-green mr-2\" width=\"16\" height=\"17\" viewBox=\"0 0 16 17\" fill=\"none\" xmlns=\"https:\/\/www.w3.org\/2000\/svg\">\n<path d=\"M14.8332 8.50008C14.8332 12.274 11.7738 15.3334 7.99984 15.3334C4.22589 15.3334 1.1665 12.274 1.1665 8.50008C1.1665 4.72614 4.22589 1.66675 7.99984 1.66675C11.7738 1.66675 14.8332 4.72614 14.8332 8.50008Z\" stroke=\"#369125\"\/>\n<path d=\"M8 3.83325V8.49992L10.6667 11.1666\" stroke=\"#369125\" stroke-linecap=\"round\"\/>\n<\/svg> <span> 2 min <\/span><\/div>\n                                <\/div>\n                                <a href=\"https:\/\/creandgroup.com\/fr\/notes-de-presse\/creand-accelera-rassemble-plus-de-130-entrepreneurs-et-investisseurs-lors-dun-sommet-sur-linnovation-organise-dans-le-cadre-de-la-coupe-du-monde-de-ski-alpin-feminin\/\" target=\"_self\" class=\"hover:text-primary_direct_green_light hover:font-bold  duration-150\">\n                                    <h5>Creand Accelera rassemble plus de 130 entrepreneurs et investisseurs lors d&rsquo;un sommet sur l&rsquo;innovation organis\u00e9 dans le cadre de la Coupe du monde de ski alpin f\u00e9minin<\/h5>\n                                <\/a>\n                            <\/div>                        \n                        <\/div>\n                    <\/div>\n                                                         <div class=\"flex-wrap justify-between w-full px-4 mt-10 md:w-1\/2 lg:w-1\/3 section-list-posts-el\">\n                        <div class=\"relative section-list-posts-el-inner\">\n                            <div class=\"image-wrapper relative\">\n                                <!-- mirar como a\u00f1adir esta url de forma dinamica para los idiomas -->\n                                                                    <a href=\"https:\/\/creandgroup.com\/fr\/\/category\/entrepreneuriat-et-innovation\" class=\"absolute z-4 px-4 py-1 text-white uppercase bg-white border border-white rounded-full post-category bg-opacity-20 top-3 left-3 hover:bg-opacity-100 hover:text-primary_direct_green_light cursor-pointer duration-150 ease-in-out\">Entrepreneuriat et innovation<\/a>\n                                                                <a href=\"https:\/\/creandgroup.com\/fr\/notes-de-presse\/creand-accelera-et-andorra-business-lancent-la-deuxieme-edition-du-programme-enlaira-et-etendent-a-cinq-le-nombre-de-startups-selectionnees\/\" target=\"_self\" class=\"link-img\">\n                                    <img decoding=\"async\" loading=\"lazy\" src=\"https:\/\/creandgroup.com\/wp-content\/uploads\/Presentacio-Enlaira_Creand_AndorraBusiness-scaled.jpg\" alt=\"https:\/\/creandgroup.com\/wp-content\/uploads\/Presentacio-Enlaira_Creand_AndorraBusiness-scaled.jpg\" class=\"w-full  h-80 md:h-60 object-cover\">\n                                <\/a>\n                                                            <\/div>\n                            <div class=\"mt-6 featured-post-info font-light\">\n                                <div class=\"flex items-center\">\n                                    <div class=\"flex items-center\"><svg class=\"icon-calendar-green mr-2\" width=\"16\" height=\"17\" viewBox=\"0 0 16 17\" fill=\"none\" xmlns=\"https:\/\/www.w3.org\/2000\/svg\">\n<path d=\"M2 3.83325H14V14.4999H2V3.83325Z\" stroke=\"#369125\" stroke-linejoin=\"round\"\/>\n<path d=\"M14 6.49992H2\" stroke=\"#369125\" stroke-linecap=\"round\"\/>\n<path d=\"M4.66667 3.83333V2.5\" stroke=\"#369125\" stroke-linecap=\"round\"\/>\n<path d=\"M11.3332 3.83333V2.5\" stroke=\"#369125\" stroke-linecap=\"round\"\/>\n<\/svg> <span class=\"capitalize\"> 18 F\u00e9v 2026<\/span> <\/div>\n                                    <div class=\"flex items-center ml-3\"><svg class=\"icon-time-green mr-2\" width=\"16\" height=\"17\" viewBox=\"0 0 16 17\" fill=\"none\" xmlns=\"https:\/\/www.w3.org\/2000\/svg\">\n<path d=\"M14.8332 8.50008C14.8332 12.274 11.7738 15.3334 7.99984 15.3334C4.22589 15.3334 1.1665 12.274 1.1665 8.50008C1.1665 4.72614 4.22589 1.66675 7.99984 1.66675C11.7738 1.66675 14.8332 4.72614 14.8332 8.50008Z\" stroke=\"#369125\"\/>\n<path d=\"M8 3.83325V8.49992L10.6667 11.1666\" stroke=\"#369125\" stroke-linecap=\"round\"\/>\n<\/svg> <span> 1 min <\/span><\/div>\n                                <\/div>\n                                <a href=\"https:\/\/creandgroup.com\/fr\/notes-de-presse\/creand-accelera-et-andorra-business-lancent-la-deuxieme-edition-du-programme-enlaira-et-etendent-a-cinq-le-nombre-de-startups-selectionnees\/\" target=\"_self\" class=\"hover:text-primary_direct_green_light hover:font-bold  duration-150\">\n                                    <h5>Creand Accelera et Andorra Business lancent la deuxi\u00e8me \u00e9dition du programme Enlaira et \u00e9tendent \u00e0 cinq le nombre de startups s\u00e9lectionn\u00e9es<\/h5>\n                                <\/a>\n                            <\/div>                        \n                        <\/div>\n                    <\/div>\n                                                         <div class=\"flex-wrap justify-between w-full px-4 mt-10 md:w-1\/2 lg:w-1\/3 section-list-posts-el\">\n                        <div class=\"relative section-list-posts-el-inner\">\n                            <div class=\"image-wrapper relative\">\n                                <!-- mirar como a\u00f1adir esta url de forma dinamica para los idiomas -->\n                                                                    <a href=\"https:\/\/creandgroup.com\/fr\/\/category\/durabilite\" class=\"absolute z-4 px-4 py-1 text-white uppercase bg-white border border-white rounded-full post-category bg-opacity-20 top-3 left-3 hover:bg-opacity-100 hover:text-primary_direct_green_light cursor-pointer duration-150 ease-in-out\">Durabilit\u00e9<\/a>\n                                                                <a href=\"https:\/\/creandgroup.com\/fr\/notes-de-presse\/creand-credit-andorra-obtient-le-label-numerique-responsable\/\" target=\"_self\" class=\"link-img\">\n                                    <img decoding=\"async\" loading=\"lazy\" src=\"https:\/\/creandgroup.com\/wp-content\/uploads\/Logo-Labellise-NR1.png\" alt=\"https:\/\/creandgroup.com\/wp-content\/uploads\/Logo-Labellise-NR1.png\" class=\"w-full  h-80 md:h-60 object-cover\">\n                                <\/a>\n                                                            <\/div>\n                            <div class=\"mt-6 featured-post-info font-light\">\n                                <div class=\"flex items-center\">\n                                    <div class=\"flex items-center\"><svg class=\"icon-calendar-green mr-2\" width=\"16\" height=\"17\" viewBox=\"0 0 16 17\" fill=\"none\" xmlns=\"https:\/\/www.w3.org\/2000\/svg\">\n<path d=\"M2 3.83325H14V14.4999H2V3.83325Z\" stroke=\"#369125\" stroke-linejoin=\"round\"\/>\n<path d=\"M14 6.49992H2\" stroke=\"#369125\" stroke-linecap=\"round\"\/>\n<path d=\"M4.66667 3.83333V2.5\" stroke=\"#369125\" stroke-linecap=\"round\"\/>\n<path d=\"M11.3332 3.83333V2.5\" stroke=\"#369125\" stroke-linecap=\"round\"\/>\n<\/svg> <span class=\"capitalize\"> 03 F\u00e9v 2026<\/span> <\/div>\n                                    <div class=\"flex items-center ml-3\"><svg class=\"icon-time-green mr-2\" width=\"16\" height=\"17\" viewBox=\"0 0 16 17\" fill=\"none\" xmlns=\"https:\/\/www.w3.org\/2000\/svg\">\n<path d=\"M14.8332 8.50008C14.8332 12.274 11.7738 15.3334 7.99984 15.3334C4.22589 15.3334 1.1665 12.274 1.1665 8.50008C1.1665 4.72614 4.22589 1.66675 7.99984 1.66675C11.7738 1.66675 14.8332 4.72614 14.8332 8.50008Z\" stroke=\"#369125\"\/>\n<path d=\"M8 3.83325V8.49992L10.6667 11.1666\" stroke=\"#369125\" stroke-linecap=\"round\"\/>\n<\/svg> <span> 2 min <\/span><\/div>\n                                <\/div>\n                                <a href=\"https:\/\/creandgroup.com\/fr\/notes-de-presse\/creand-credit-andorra-obtient-le-label-numerique-responsable\/\" target=\"_self\" class=\"hover:text-primary_direct_green_light hover:font-bold  duration-150\">\n                                    <h5>Creand Cr\u00e8dit Andorr\u00e0 obtient le label \u00ab\u00a0Num\u00e9rique Responsable\u00a0\u00bb<\/h5>\n                                <\/a>\n                            <\/div>                        \n                        <\/div>\n                    <\/div>\n                                                         <div class=\"flex-wrap justify-between w-full px-4 mt-10 md:w-1\/2 lg:w-1\/3 section-list-posts-el\">\n                        <div class=\"relative section-list-posts-el-inner\">\n                            <div class=\"image-wrapper relative\">\n                                <!-- mirar como a\u00f1adir esta url de forma dinamica para los idiomas -->\n                                                                    <a href=\"https:\/\/creandgroup.com\/fr\/\/category\/entrepreneuriat-et-innovation\" class=\"absolute z-4 px-4 py-1 text-white uppercase bg-white border border-white rounded-full post-category bg-opacity-20 top-3 left-3 hover:bg-opacity-100 hover:text-primary_direct_green_light cursor-pointer duration-150 ease-in-out\">Entrepreneuriat et innovation<\/a>\n                                                                <a href=\"https:\/\/creandgroup.com\/fr\/notes-de-presse\/le-programme-enlaira-de-creand-accelera-et-andorra-business-pour-les-entreprises-emergentes-du-pays-cloture-sa-premiere-edition\/\" target=\"_self\" class=\"link-img\">\n                                    <img decoding=\"async\" loading=\"lazy\" src=\"https:\/\/creandgroup.com\/wp-content\/uploads\/foto-4-scaled.jpg\" alt=\"https:\/\/creandgroup.com\/wp-content\/uploads\/foto-4-scaled.jpg\" class=\"w-full  h-80 md:h-60 object-cover\">\n                                <\/a>\n                                                            <\/div>\n                            <div class=\"mt-6 featured-post-info font-light\">\n                                <div class=\"flex items-center\">\n                                    <div class=\"flex items-center\"><svg class=\"icon-calendar-green mr-2\" width=\"16\" height=\"17\" viewBox=\"0 0 16 17\" fill=\"none\" xmlns=\"https:\/\/www.w3.org\/2000\/svg\">\n<path d=\"M2 3.83325H14V14.4999H2V3.83325Z\" stroke=\"#369125\" stroke-linejoin=\"round\"\/>\n<path d=\"M14 6.49992H2\" stroke=\"#369125\" stroke-linecap=\"round\"\/>\n<path d=\"M4.66667 3.83333V2.5\" stroke=\"#369125\" stroke-linecap=\"round\"\/>\n<path d=\"M11.3332 3.83333V2.5\" stroke=\"#369125\" stroke-linecap=\"round\"\/>\n<\/svg> <span class=\"capitalize\"> 02 F\u00e9v 2026<\/span> <\/div>\n                                    <div class=\"flex items-center ml-3\"><svg class=\"icon-time-green mr-2\" width=\"16\" height=\"17\" viewBox=\"0 0 16 17\" fill=\"none\" xmlns=\"https:\/\/www.w3.org\/2000\/svg\">\n<path d=\"M14.8332 8.50008C14.8332 12.274 11.7738 15.3334 7.99984 15.3334C4.22589 15.3334 1.1665 12.274 1.1665 8.50008C1.1665 4.72614 4.22589 1.66675 7.99984 1.66675C11.7738 1.66675 14.8332 4.72614 14.8332 8.50008Z\" stroke=\"#369125\"\/>\n<path d=\"M8 3.83325V8.49992L10.6667 11.1666\" stroke=\"#369125\" stroke-linecap=\"round\"\/>\n<\/svg> <span> 2 min <\/span><\/div>\n                                <\/div>\n                                <a href=\"https:\/\/creandgroup.com\/fr\/notes-de-presse\/le-programme-enlaira-de-creand-accelera-et-andorra-business-pour-les-entreprises-emergentes-du-pays-cloture-sa-premiere-edition\/\" target=\"_self\" class=\"hover:text-primary_direct_green_light hover:font-bold  duration-150\">\n                                    <h5>Le programme Enlaira de Creand Accelera et Andorra Business pour les entreprises \u00e9mergentes du pays cl\u00f4ture sa premi\u00e8re \u00e9dition<\/h5>\n                                <\/a>\n                            <\/div>                        \n                        <\/div>\n                    <\/div>\n                            <\/div>\n            <\/div>\n<\/section>\n<style>\n    .simple-select{\n        padding: 14px 12px;\n        border-radius: 4px;\n        border: 1px solid #949494;\n        -moz-appearance:none; \/* Firefox *\/\n        -webkit-appearance:none; \/* Safari and Chrome *\/\n        appearance:none;\n        background-image: url(https:\/\/creandgroup.com\/wp-content\/uploads\/icon-arrow-down.svg);\n        background-position: 97% 50%;\n        background-repeat: no-repeat;\n    }\n    .section-list-posts-el-inner .external-link{\n        background: linear-gradient(112.89deg, #369125 3.9%, #70BC8F 83.71%);\n    }\n    .section-list-posts-el-inner .image-wrapper .link-img::before{\n        content: \"\";\n        width: 100%;\n        height: 100%;\n        display: block;\n        position: absolute;\n        top:0; left: 0;\n        background-color: black;\n        opacity: 0.4;\n    }\n    .input-search{\n        background: rgba(237, 237, 237, 0.5);\n        border: 1px solid #949494;\n        border-radius: 4px;\n    }\n    .svg-black path{\n        stroke: black;\n    }\n<\/style>\n\n\n\n<!-- Se usa -->\n\n<section id=\"block_af0366b9a1df8bea86ad2a03b492226f\"  data-block_af0366b9a1df8bea86ad2a03b492226f class=\"slider-files align w-full section-slider-news bg-opacity-60 relative block clear-both overflow-hidden bg-gallery_gray py-16 mt-8 lg:mt-16\" data-aos=\"fade\" data-aos-duration=\"500\"  data-aos-delay=\"0\" data-aos-easing=\"ease-in-out\" data-aos-once=\"true\">\n      <div class=\"container\">\n        <div class=\"section-info\">\n          <h2 class=\"font-tiempos_bold text-title\">Galerie Multim\u00e9dia<\/h2>\n          <div class=\"mt-3 font-light\"><p>Si vous utilisez ces images, pensez \u00e0 y faire figurer leur auteur.<br \/>\nVisitez \u00e9galement notre cha\u00eene <strong><a href=\"https:\/\/www.youtube.com\/@CreandCA\" target=\"_blank\" rel=\"noopener\">YouTube<\/a><\/strong>.<\/p>\n<\/div>\n        <\/div>\n        <div class=\"section-content lg:overflow-visible overflow-hidden\">\n          <ul class=\"files-filters mt-5 lg:mt-10 flex items-center flex-wrap gap-2\">\n            <li class=\"button-secondary py-1 px-4 filter font-roboto_regular text-xs active-filter\" filter-type=\"all\">Tots<\/li>\n             \n              <li class=\"button-secondary py-1 px-4 filter font-roboto_regular text-xs\" filter-type=\"informes\">Informes<\/li>\n             \n              <li class=\"button-secondary py-1 px-4 filter font-roboto_regular text-xs\" filter-type=\"infografies\">Infografies<\/li>\n             \n              <li class=\"button-secondary py-1 px-4 filter font-roboto_regular text-xs\" filter-type=\"fotos\">Fotos<\/li>\n             \n              <li class=\"button-secondary py-1 px-4 filter font-roboto_regular text-xs\" filter-type=\"videos\">V\u00eddeos<\/li>\n                      <\/ul>\n                      <div class=\"flex flex-wrap -mx-4 post-list mt-14 gap-y-10 z\">\n                                               <div class=\"post-list-el w-full px-4 md:w-1\/2 lg:w-1\/3\">\n                  <div class=\"relative post-list-el-inner\">\n                      <div class=\"relative block\">\n                        <div class=\"relative post-image w-auto h-auto md:h-80  justify-center items-center flex bg-mercury\">\n                          <img decoding=\"async\" src=\"https:\/\/creandgroup.com\/wp-content\/uploads\/1.-Antoni-Pintat-1.jpg\" alt=\"https:\/\/creandgroup.com\/wp-content\/uploads\/1.-Antoni-Pintat-1.jpg\" class=\"w-auto h-80 mx-auto relative block object-contain object-center pointer-events-none\">\n                        <\/div>\n                        <div class=\"post-category z-10 duration-200 text-xs uppercase hover:bg-white hover:text-primary_direct_green_light cursor-default  absolute top-2 left-2 border border-white px-4 py-1 rounded-full text-white\">\n                          fotos\n                        <\/div>\n                        <div class=\"download-buttons bottom-0 right-0 absolute flex\">\n                          <a href=\"#inline-11807\" data-lity class=\"h-9 w-9 cursor-pointer flex items-center justify-center\"><svg class=\"icon-fit-screen-white w-6 h-6\" width=\"24\" height=\"24\" viewBox=\"0 0 24 24\" fill=\"none\" xmlns=\"https:\/\/www.w3.org\/2000\/svg\">\n<path d=\"M6 16H18V8H6V16ZM8 10H16V14H8V10ZM4 15H2V18C2 19.1 2.9 20 4 20H7V18H4V15ZM4 6H7V4H4C2.9 4 2 4.9 2 6V9H4V6ZM20 4H17V6H20V9H22V6C22 4.9 21.1 4 20 4ZM20 18H17V20H20C21.1 20 22 19.1 22 18V15H20V18Z\" fill=\"white\"\/>\n<\/svg><\/a>\n                        <\/div>\n                      <\/div>\n                      <div class=\"post-info mt-4 font-light\">\n                        <div class=\"header-post-info flex gap-4\">\n                            <div class=\"author\">\n                              <span>Autoria: Eduard Comellas <\/span>\n                            <\/div>\n                        <\/div>\n                        <div class=\"post-description mt-2\">\n                          <h3 class=\"font-bold text-lg leading-tight\">Antoni Pintat Mas<\/h3>\n                          <!-- wp:paragraph -->\n<p>President del Consell d\u2019Administraci\u00f3 de Creand (Cr\u00e8dit Andorr\u00e0)<\/p>\n<!-- \/wp:paragraph -->\n                        <\/div>\n                      <\/div>\n                  <\/div>\n                <\/div>\n                <div id=\"inline-11807\" download-info=\"https:\/\/creandgroup.com\/wp-content\/uploads\/1.-Antoni-Pintat-1.jpg\" style=\"background:#fff\" class=\"lity-hide wrapper text-white img-modal\">\n                  <img decoding=\"async\" src=\"https:\/\/creandgroup.com\/wp-content\/uploads\/1.-Antoni-Pintat-1.jpg\" alt=\"https:\/\/creandgroup.com\/wp-content\/uploads\/1.-Antoni-Pintat-1.jpg\" class=\"\">\n                    <div class=\"bg-primary_direct_green_light flex justify-between items-center flex-wrap py-3 pl-9 pr-5\">\n                      <div class=\"wrapper\">\n                        <input type=\"checkbox\" id=\"lity-terms\" class=\"lity-checkbox\" value=\"lity-terms\">\n                                                                                                                        <label class=\"lity-label font-light\" for=\"lity-terms\" class=\"ml-1\">J&rsquo;ai lu et accept\u00e9 les <a href=\"https:\/\/creandgroup.com\/wp-content\/uploads\/condicions-dus-acces-galeria-multimedia.pdf\" target=\"_blank\">conditions l\u00e9gales pour le t\u00e9l\u00e9chargement<\/a> d&rsquo;images et de documents.<\/label>\n                                              <\/div>\n                      <svg class=\"icon-download-white download-file cursor-pointer w-6 h-6\" width=\"16\" height=\"16\" viewBox=\"0 0 16 16\" fill=\"none\" xmlns=\"https:\/\/www.w3.org\/2000\/svg\">\n<path d=\"M8.00004 2V10.6667\" stroke=\"#369125\" stroke-linecap=\"round\"\/>\n<path d=\"M4.66663 8L7.99996 11.3333L11.3333 8\" stroke=\"#369125\" stroke-linecap=\"round\"\/>\n<path d=\"M13.3333 14.0002H2.66663\" stroke=\"#369125\" stroke-linecap=\"round\"\/>\n<\/svg>                  <\/div>\n                <\/div>\n                                                               <div class=\"post-list-el w-full px-4 md:w-1\/2 lg:w-1\/3\">\n                  <div class=\"relative post-list-el-inner\">\n                      <div class=\"relative block\">\n                        <div class=\"relative post-image w-auto h-auto md:h-80  justify-center items-center flex bg-mercury\">\n                          <img decoding=\"async\" src=\"https:\/\/creandgroup.com\/wp-content\/uploads\/2.-Antoni-Pintat_Creand.jpg\" alt=\"https:\/\/creandgroup.com\/wp-content\/uploads\/2.-Antoni-Pintat_Creand.jpg\" class=\"w-auto h-80 mx-auto relative block object-contain object-center pointer-events-none\">\n                        <\/div>\n                        <div class=\"post-category z-10 duration-200 text-xs uppercase hover:bg-white hover:text-primary_direct_green_light cursor-default  absolute top-2 left-2 border border-white px-4 py-1 rounded-full text-white\">\n                          fotos\n                        <\/div>\n                        <div class=\"download-buttons bottom-0 right-0 absolute flex\">\n                          <a href=\"#inline-12703\" data-lity class=\"h-9 w-9 cursor-pointer flex items-center justify-center\"><svg class=\"icon-fit-screen-white w-6 h-6\" width=\"24\" height=\"24\" viewBox=\"0 0 24 24\" fill=\"none\" xmlns=\"https:\/\/www.w3.org\/2000\/svg\">\n<path d=\"M6 16H18V8H6V16ZM8 10H16V14H8V10ZM4 15H2V18C2 19.1 2.9 20 4 20H7V18H4V15ZM4 6H7V4H4C2.9 4 2 4.9 2 6V9H4V6ZM20 4H17V6H20V9H22V6C22 4.9 21.1 4 20 4ZM20 18H17V20H20C21.1 20 22 19.1 22 18V15H20V18Z\" fill=\"white\"\/>\n<\/svg><\/a>\n                        <\/div>\n                      <\/div>\n                      <div class=\"post-info mt-4 font-light\">\n                        <div class=\"header-post-info flex gap-4\">\n                            <div class=\"author\">\n                              <span>Autoria: Eduard Comellas<\/span>\n                            <\/div>\n                        <\/div>\n                        <div class=\"post-description mt-2\">\n                          <h3 class=\"font-bold text-lg leading-tight\">Antoni Pintat Mas<\/h3>\n                          <!-- wp:paragraph -->\n<p>President del Consell d\u2019Administraci\u00f3 de Creand (Cr\u00e8dit Andorr\u00e0)<\/p>\n<!-- \/wp:paragraph -->\n                        <\/div>\n                      <\/div>\n                  <\/div>\n                <\/div>\n                <div id=\"inline-12703\" download-info=\"https:\/\/creandgroup.com\/wp-content\/uploads\/2.-Antoni-Pintat_Creand.jpg\" style=\"background:#fff\" class=\"lity-hide wrapper text-white img-modal\">\n                  <img decoding=\"async\" src=\"https:\/\/creandgroup.com\/wp-content\/uploads\/2.-Antoni-Pintat_Creand.jpg\" alt=\"https:\/\/creandgroup.com\/wp-content\/uploads\/2.-Antoni-Pintat_Creand.jpg\" class=\"\">\n                    <div class=\"bg-primary_direct_green_light flex justify-between items-center flex-wrap py-3 pl-9 pr-5\">\n                      <div class=\"wrapper\">\n                        <input type=\"checkbox\" id=\"lity-terms\" class=\"lity-checkbox\" value=\"lity-terms\">\n                                                                                                                        <label class=\"lity-label font-light\" for=\"lity-terms\" class=\"ml-1\">J&rsquo;ai lu et accept\u00e9 les <a href=\"https:\/\/creandgroup.com\/wp-content\/uploads\/condicions-dus-acces-galeria-multimedia.pdf\" target=\"_blank\">conditions l\u00e9gales pour le t\u00e9l\u00e9chargement<\/a> d&rsquo;images et de documents.<\/label>\n                                              <\/div>\n                      <svg class=\"icon-download-white download-file cursor-pointer w-6 h-6\" width=\"16\" height=\"16\" viewBox=\"0 0 16 16\" fill=\"none\" xmlns=\"https:\/\/www.w3.org\/2000\/svg\">\n<path d=\"M8.00004 2V10.6667\" stroke=\"#369125\" stroke-linecap=\"round\"\/>\n<path d=\"M4.66663 8L7.99996 11.3333L11.3333 8\" stroke=\"#369125\" stroke-linecap=\"round\"\/>\n<path d=\"M13.3333 14.0002H2.66663\" stroke=\"#369125\" stroke-linecap=\"round\"\/>\n<\/svg>                  <\/div>\n                <\/div>\n                                                               <div class=\"post-list-el w-full px-4 md:w-1\/2 lg:w-1\/3\">\n                  <div class=\"relative post-list-el-inner\">\n                      <div class=\"relative block\">\n                        <div class=\"relative post-image w-auto h-auto md:h-80  justify-center items-center flex bg-mercury\">\n                          <img decoding=\"async\" src=\"https:\/\/creandgroup.com\/wp-content\/uploads\/3.-Jaume-Casal.jpg\" alt=\"https:\/\/creandgroup.com\/wp-content\/uploads\/3.-Jaume-Casal.jpg\" class=\"w-auto h-80 mx-auto relative block object-contain object-center pointer-events-none\">\n                        <\/div>\n                        <div class=\"post-category z-10 duration-200 text-xs uppercase hover:bg-white hover:text-primary_direct_green_light cursor-default  absolute top-2 left-2 border border-white px-4 py-1 rounded-full text-white\">\n                          fotos\n                        <\/div>\n                        <div class=\"download-buttons bottom-0 right-0 absolute flex\">\n                          <a href=\"#inline-12704\" data-lity class=\"h-9 w-9 cursor-pointer flex items-center justify-center\"><svg class=\"icon-fit-screen-white w-6 h-6\" width=\"24\" height=\"24\" viewBox=\"0 0 24 24\" fill=\"none\" xmlns=\"https:\/\/www.w3.org\/2000\/svg\">\n<path d=\"M6 16H18V8H6V16ZM8 10H16V14H8V10ZM4 15H2V18C2 19.1 2.9 20 4 20H7V18H4V15ZM4 6H7V4H4C2.9 4 2 4.9 2 6V9H4V6ZM20 4H17V6H20V9H22V6C22 4.9 21.1 4 20 4ZM20 18H17V20H20C21.1 20 22 19.1 22 18V15H20V18Z\" fill=\"white\"\/>\n<\/svg><\/a>\n                        <\/div>\n                      <\/div>\n                      <div class=\"post-info mt-4 font-light\">\n                        <div class=\"header-post-info flex gap-4\">\n                            <div class=\"author\">\n                              <span>Autoria: Eduard Comellas<\/span>\n                            <\/div>\n                        <\/div>\n                        <div class=\"post-description mt-2\">\n                          <h3 class=\"font-bold text-lg leading-tight\">Jaume Casal Mor<\/h3>\n                          <!-- wp:paragraph -->\n<p>Vicepresident del Consell d\u2019Administraci\u00f3 de Creand (Cr\u00e8dit Andorr\u00e0)<\/p>\n<!-- \/wp:paragraph -->\n                        <\/div>\n                      <\/div>\n                  <\/div>\n                <\/div>\n                <div id=\"inline-12704\" download-info=\"https:\/\/creandgroup.com\/wp-content\/uploads\/3.-Jaume-Casal.jpg\" style=\"background:#fff\" class=\"lity-hide wrapper text-white img-modal\">\n                  <img decoding=\"async\" src=\"https:\/\/creandgroup.com\/wp-content\/uploads\/3.-Jaume-Casal.jpg\" alt=\"https:\/\/creandgroup.com\/wp-content\/uploads\/3.-Jaume-Casal.jpg\" class=\"\">\n                    <div class=\"bg-primary_direct_green_light flex justify-between items-center flex-wrap py-3 pl-9 pr-5\">\n                      <div class=\"wrapper\">\n                        <input type=\"checkbox\" id=\"lity-terms\" class=\"lity-checkbox\" value=\"lity-terms\">\n                                                                                                                        <label class=\"lity-label font-light\" for=\"lity-terms\" class=\"ml-1\">J&rsquo;ai lu et accept\u00e9 les <a href=\"https:\/\/creandgroup.com\/wp-content\/uploads\/condicions-dus-acces-galeria-multimedia.pdf\" target=\"_blank\">conditions l\u00e9gales pour le t\u00e9l\u00e9chargement<\/a> d&rsquo;images et de documents.<\/label>\n                                              <\/div>\n                      <svg class=\"icon-download-white download-file cursor-pointer w-6 h-6\" width=\"16\" height=\"16\" viewBox=\"0 0 16 16\" fill=\"none\" xmlns=\"https:\/\/www.w3.org\/2000\/svg\">\n<path d=\"M8.00004 2V10.6667\" stroke=\"#369125\" stroke-linecap=\"round\"\/>\n<path d=\"M4.66663 8L7.99996 11.3333L11.3333 8\" stroke=\"#369125\" stroke-linecap=\"round\"\/>\n<path d=\"M13.3333 14.0002H2.66663\" stroke=\"#369125\" stroke-linecap=\"round\"\/>\n<\/svg>                  <\/div>\n                <\/div>\n                                                               <div class=\"post-list-el w-full px-4 md:w-1\/2 lg:w-1\/3\">\n                  <div class=\"relative post-list-el-inner\">\n                      <div class=\"relative block\">\n                        <div class=\"relative post-image w-auto h-auto md:h-80  justify-center items-center flex bg-mercury\">\n                          <img decoding=\"async\" src=\"https:\/\/creandgroup.com\/wp-content\/uploads\/4.-Jaume-Casal_Creand.jpg\" alt=\"https:\/\/creandgroup.com\/wp-content\/uploads\/4.-Jaume-Casal_Creand.jpg\" class=\"w-auto h-80 mx-auto relative block object-contain object-center pointer-events-none\">\n                        <\/div>\n                        <div class=\"post-category z-10 duration-200 text-xs uppercase hover:bg-white hover:text-primary_direct_green_light cursor-default  absolute top-2 left-2 border border-white px-4 py-1 rounded-full text-white\">\n                          fotos\n                        <\/div>\n                        <div class=\"download-buttons bottom-0 right-0 absolute flex\">\n                          <a href=\"#inline-12705\" data-lity class=\"h-9 w-9 cursor-pointer flex items-center justify-center\"><svg class=\"icon-fit-screen-white w-6 h-6\" width=\"24\" height=\"24\" viewBox=\"0 0 24 24\" fill=\"none\" xmlns=\"https:\/\/www.w3.org\/2000\/svg\">\n<path d=\"M6 16H18V8H6V16ZM8 10H16V14H8V10ZM4 15H2V18C2 19.1 2.9 20 4 20H7V18H4V15ZM4 6H7V4H4C2.9 4 2 4.9 2 6V9H4V6ZM20 4H17V6H20V9H22V6C22 4.9 21.1 4 20 4ZM20 18H17V20H20C21.1 20 22 19.1 22 18V15H20V18Z\" fill=\"white\"\/>\n<\/svg><\/a>\n                        <\/div>\n                      <\/div>\n                      <div class=\"post-info mt-4 font-light\">\n                        <div class=\"header-post-info flex gap-4\">\n                            <div class=\"author\">\n                              <span>Autoria: Eduard Comellas<\/span>\n                            <\/div>\n                        <\/div>\n                        <div class=\"post-description mt-2\">\n                          <h3 class=\"font-bold text-lg leading-tight\">Jaume Casal Mor<\/h3>\n                          <!-- wp:paragraph -->\n<p>Vicepresident del Consell d\u2019Administraci\u00f3 de Creand (Cr\u00e8dit Andorr\u00e0)<\/p>\n<!-- \/wp:paragraph -->\n                        <\/div>\n                      <\/div>\n                  <\/div>\n                <\/div>\n                <div id=\"inline-12705\" download-info=\"https:\/\/creandgroup.com\/wp-content\/uploads\/4.-Jaume-Casal_Creand.jpg\" style=\"background:#fff\" class=\"lity-hide wrapper text-white img-modal\">\n                  <img decoding=\"async\" src=\"https:\/\/creandgroup.com\/wp-content\/uploads\/4.-Jaume-Casal_Creand.jpg\" alt=\"https:\/\/creandgroup.com\/wp-content\/uploads\/4.-Jaume-Casal_Creand.jpg\" class=\"\">\n                    <div class=\"bg-primary_direct_green_light flex justify-between items-center flex-wrap py-3 pl-9 pr-5\">\n                      <div class=\"wrapper\">\n                        <input type=\"checkbox\" id=\"lity-terms\" class=\"lity-checkbox\" value=\"lity-terms\">\n                                                                                                                        <label class=\"lity-label font-light\" for=\"lity-terms\" class=\"ml-1\">J&rsquo;ai lu et accept\u00e9 les <a href=\"https:\/\/creandgroup.com\/wp-content\/uploads\/condicions-dus-acces-galeria-multimedia.pdf\" target=\"_blank\">conditions l\u00e9gales pour le t\u00e9l\u00e9chargement<\/a> d&rsquo;images et de documents.<\/label>\n                                              <\/div>\n                      <svg class=\"icon-download-white download-file cursor-pointer w-6 h-6\" width=\"16\" height=\"16\" viewBox=\"0 0 16 16\" fill=\"none\" xmlns=\"https:\/\/www.w3.org\/2000\/svg\">\n<path d=\"M8.00004 2V10.6667\" stroke=\"#369125\" stroke-linecap=\"round\"\/>\n<path d=\"M4.66663 8L7.99996 11.3333L11.3333 8\" stroke=\"#369125\" stroke-linecap=\"round\"\/>\n<path d=\"M13.3333 14.0002H2.66663\" stroke=\"#369125\" stroke-linecap=\"round\"\/>\n<\/svg>                  <\/div>\n                <\/div>\n                                                               <div class=\"post-list-el w-full px-4 md:w-1\/2 lg:w-1\/3\">\n                  <div class=\"relative post-list-el-inner\">\n                      <div class=\"relative block\">\n                        <div class=\"relative post-image w-auto h-auto md:h-80  justify-center items-center flex bg-mercury\">\n                          <img decoding=\"async\" src=\"https:\/\/creandgroup.com\/wp-content\/uploads\/5.-Xavier-Cornella.jpg\" alt=\"https:\/\/creandgroup.com\/wp-content\/uploads\/5.-Xavier-Cornella.jpg\" class=\"w-auto h-80 mx-auto relative block object-contain object-center pointer-events-none\">\n                        <\/div>\n                        <div class=\"post-category z-10 duration-200 text-xs uppercase hover:bg-white hover:text-primary_direct_green_light cursor-default  absolute top-2 left-2 border border-white px-4 py-1 rounded-full text-white\">\n                          fotos\n                        <\/div>\n                        <div class=\"download-buttons bottom-0 right-0 absolute flex\">\n                          <a href=\"#inline-12706\" data-lity class=\"h-9 w-9 cursor-pointer flex items-center justify-center\"><svg class=\"icon-fit-screen-white w-6 h-6\" width=\"24\" height=\"24\" viewBox=\"0 0 24 24\" fill=\"none\" xmlns=\"https:\/\/www.w3.org\/2000\/svg\">\n<path d=\"M6 16H18V8H6V16ZM8 10H16V14H8V10ZM4 15H2V18C2 19.1 2.9 20 4 20H7V18H4V15ZM4 6H7V4H4C2.9 4 2 4.9 2 6V9H4V6ZM20 4H17V6H20V9H22V6C22 4.9 21.1 4 20 4ZM20 18H17V20H20C21.1 20 22 19.1 22 18V15H20V18Z\" fill=\"white\"\/>\n<\/svg><\/a>\n                        <\/div>\n                      <\/div>\n                      <div class=\"post-info mt-4 font-light\">\n                        <div class=\"header-post-info flex gap-4\">\n                            <div class=\"author\">\n                              <span>Autoria: Eduard Comellas<\/span>\n                            <\/div>\n                        <\/div>\n                        <div class=\"post-description mt-2\">\n                          <h3 class=\"font-bold text-lg leading-tight\">Xavier Cornella Castel<\/h3>\n                          <!-- wp:paragraph -->\n<p>Conseller delegat de Creand (Cr\u00e8dit Andorr\u00e0)<\/p>\n<!-- \/wp:paragraph -->\n                        <\/div>\n                      <\/div>\n                  <\/div>\n                <\/div>\n                <div id=\"inline-12706\" download-info=\"https:\/\/creandgroup.com\/wp-content\/uploads\/5.-Xavier-Cornella.jpg\" style=\"background:#fff\" class=\"lity-hide wrapper text-white img-modal\">\n                  <img decoding=\"async\" src=\"https:\/\/creandgroup.com\/wp-content\/uploads\/5.-Xavier-Cornella.jpg\" alt=\"https:\/\/creandgroup.com\/wp-content\/uploads\/5.-Xavier-Cornella.jpg\" class=\"\">\n                    <div class=\"bg-primary_direct_green_light flex justify-between items-center flex-wrap py-3 pl-9 pr-5\">\n                      <div class=\"wrapper\">\n                        <input type=\"checkbox\" id=\"lity-terms\" class=\"lity-checkbox\" value=\"lity-terms\">\n                                                                                                                        <label class=\"lity-label font-light\" for=\"lity-terms\" class=\"ml-1\">J&rsquo;ai lu et accept\u00e9 les <a href=\"https:\/\/creandgroup.com\/wp-content\/uploads\/condicions-dus-acces-galeria-multimedia.pdf\" target=\"_blank\">conditions l\u00e9gales pour le t\u00e9l\u00e9chargement<\/a> d&rsquo;images et de documents.<\/label>\n                                              <\/div>\n                      <svg class=\"icon-download-white download-file cursor-pointer w-6 h-6\" width=\"16\" height=\"16\" viewBox=\"0 0 16 16\" fill=\"none\" xmlns=\"https:\/\/www.w3.org\/2000\/svg\">\n<path d=\"M8.00004 2V10.6667\" stroke=\"#369125\" stroke-linecap=\"round\"\/>\n<path d=\"M4.66663 8L7.99996 11.3333L11.3333 8\" stroke=\"#369125\" stroke-linecap=\"round\"\/>\n<path d=\"M13.3333 14.0002H2.66663\" stroke=\"#369125\" stroke-linecap=\"round\"\/>\n<\/svg>                  <\/div>\n                <\/div>\n                                                               <div class=\"post-list-el w-full px-4 md:w-1\/2 lg:w-1\/3\">\n                  <div class=\"relative post-list-el-inner\">\n                      <div class=\"relative block\">\n                        <div class=\"relative post-image w-auto h-auto md:h-80  justify-center items-center flex bg-mercury\">\n                          <img decoding=\"async\" src=\"https:\/\/creandgroup.com\/wp-content\/uploads\/6.-Xavier-Cornella_Creand1.jpg\" alt=\"https:\/\/creandgroup.com\/wp-content\/uploads\/6.-Xavier-Cornella_Creand1.jpg\" class=\"w-auto h-80 mx-auto relative block object-contain object-center pointer-events-none\">\n                        <\/div>\n                        <div class=\"post-category z-10 duration-200 text-xs uppercase hover:bg-white hover:text-primary_direct_green_light cursor-default  absolute top-2 left-2 border border-white px-4 py-1 rounded-full text-white\">\n                          fotos\n                        <\/div>\n                        <div class=\"download-buttons bottom-0 right-0 absolute flex\">\n                          <a href=\"#inline-12707\" data-lity class=\"h-9 w-9 cursor-pointer flex items-center justify-center\"><svg class=\"icon-fit-screen-white w-6 h-6\" width=\"24\" height=\"24\" viewBox=\"0 0 24 24\" fill=\"none\" xmlns=\"https:\/\/www.w3.org\/2000\/svg\">\n<path d=\"M6 16H18V8H6V16ZM8 10H16V14H8V10ZM4 15H2V18C2 19.1 2.9 20 4 20H7V18H4V15ZM4 6H7V4H4C2.9 4 2 4.9 2 6V9H4V6ZM20 4H17V6H20V9H22V6C22 4.9 21.1 4 20 4ZM20 18H17V20H20C21.1 20 22 19.1 22 18V15H20V18Z\" fill=\"white\"\/>\n<\/svg><\/a>\n                        <\/div>\n                      <\/div>\n                      <div class=\"post-info mt-4 font-light\">\n                        <div class=\"header-post-info flex gap-4\">\n                            <div class=\"author\">\n                              <span>Autoria: Eduard Comellas<\/span>\n                            <\/div>\n                        <\/div>\n                        <div class=\"post-description mt-2\">\n                          <h3 class=\"font-bold text-lg leading-tight\">Xavier Cornella Castel<\/h3>\n                          <!-- wp:paragraph -->\n<p>Conseller delegat de Creand (Cr\u00e8dit Andorr\u00e0)<\/p>\n<!-- \/wp:paragraph -->\n                        <\/div>\n                      <\/div>\n                  <\/div>\n                <\/div>\n                <div id=\"inline-12707\" download-info=\"https:\/\/creandgroup.com\/wp-content\/uploads\/6.-Xavier-Cornella_Creand1.jpg\" style=\"background:#fff\" class=\"lity-hide wrapper text-white img-modal\">\n                  <img decoding=\"async\" src=\"https:\/\/creandgroup.com\/wp-content\/uploads\/6.-Xavier-Cornella_Creand1.jpg\" alt=\"https:\/\/creandgroup.com\/wp-content\/uploads\/6.-Xavier-Cornella_Creand1.jpg\" class=\"\">\n                    <div class=\"bg-primary_direct_green_light flex justify-between items-center flex-wrap py-3 pl-9 pr-5\">\n                      <div class=\"wrapper\">\n                        <input type=\"checkbox\" id=\"lity-terms\" class=\"lity-checkbox\" value=\"lity-terms\">\n                                                                                                                        <label class=\"lity-label font-light\" for=\"lity-terms\" class=\"ml-1\">J&rsquo;ai lu et accept\u00e9 les <a href=\"https:\/\/creandgroup.com\/wp-content\/uploads\/condicions-dus-acces-galeria-multimedia.pdf\" target=\"_blank\">conditions l\u00e9gales pour le t\u00e9l\u00e9chargement<\/a> d&rsquo;images et de documents.<\/label>\n                                              <\/div>\n                      <svg class=\"icon-download-white download-file cursor-pointer w-6 h-6\" width=\"16\" height=\"16\" viewBox=\"0 0 16 16\" fill=\"none\" xmlns=\"https:\/\/www.w3.org\/2000\/svg\">\n<path d=\"M8.00004 2V10.6667\" stroke=\"#369125\" stroke-linecap=\"round\"\/>\n<path d=\"M4.66663 8L7.99996 11.3333L11.3333 8\" stroke=\"#369125\" stroke-linecap=\"round\"\/>\n<path d=\"M13.3333 14.0002H2.66663\" stroke=\"#369125\" stroke-linecap=\"round\"\/>\n<\/svg>                  <\/div>\n                <\/div>\n                                                               <div class=\"post-list-el w-full px-4 md:w-1\/2 lg:w-1\/3\">\n                  <div class=\"relative post-list-el-inner\">\n                      <div class=\"relative block\">\n                        <div class=\"relative post-image w-auto h-auto md:h-80  justify-center items-center flex bg-mercury\">\n                          <img decoding=\"async\" src=\"https:\/\/creandgroup.com\/wp-content\/uploads\/7.-Xavier-Cornella_Creand2.jpg\" alt=\"https:\/\/creandgroup.com\/wp-content\/uploads\/7.-Xavier-Cornella_Creand2.jpg\" class=\"w-auto h-80 mx-auto relative block object-contain object-center pointer-events-none\">\n                        <\/div>\n                        <div class=\"post-category z-10 duration-200 text-xs uppercase hover:bg-white hover:text-primary_direct_green_light cursor-default  absolute top-2 left-2 border border-white px-4 py-1 rounded-full text-white\">\n                          fotos\n                        <\/div>\n                        <div class=\"download-buttons bottom-0 right-0 absolute flex\">\n                          <a href=\"#inline-12708\" data-lity class=\"h-9 w-9 cursor-pointer flex items-center justify-center\"><svg class=\"icon-fit-screen-white w-6 h-6\" width=\"24\" height=\"24\" viewBox=\"0 0 24 24\" fill=\"none\" xmlns=\"https:\/\/www.w3.org\/2000\/svg\">\n<path d=\"M6 16H18V8H6V16ZM8 10H16V14H8V10ZM4 15H2V18C2 19.1 2.9 20 4 20H7V18H4V15ZM4 6H7V4H4C2.9 4 2 4.9 2 6V9H4V6ZM20 4H17V6H20V9H22V6C22 4.9 21.1 4 20 4ZM20 18H17V20H20C21.1 20 22 19.1 22 18V15H20V18Z\" fill=\"white\"\/>\n<\/svg><\/a>\n                        <\/div>\n                      <\/div>\n                      <div class=\"post-info mt-4 font-light\">\n                        <div class=\"header-post-info flex gap-4\">\n                            <div class=\"author\">\n                              <span>Autoria: Eduard Comellas<\/span>\n                            <\/div>\n                        <\/div>\n                        <div class=\"post-description mt-2\">\n                          <h3 class=\"font-bold text-lg leading-tight\">Xavier Cornella Castel<\/h3>\n                          <!-- wp:paragraph -->\n<p>Conseller delegat de Creand (Cr\u00e8dit Andorr\u00e0)<\/p>\n<!-- \/wp:paragraph -->\n                        <\/div>\n                      <\/div>\n                  <\/div>\n                <\/div>\n                <div id=\"inline-12708\" download-info=\"https:\/\/creandgroup.com\/wp-content\/uploads\/7.-Xavier-Cornella_Creand2.jpg\" style=\"background:#fff\" class=\"lity-hide wrapper text-white img-modal\">\n                  <img decoding=\"async\" src=\"https:\/\/creandgroup.com\/wp-content\/uploads\/7.-Xavier-Cornella_Creand2.jpg\" alt=\"https:\/\/creandgroup.com\/wp-content\/uploads\/7.-Xavier-Cornella_Creand2.jpg\" class=\"\">\n                    <div class=\"bg-primary_direct_green_light flex justify-between items-center flex-wrap py-3 pl-9 pr-5\">\n                      <div class=\"wrapper\">\n                        <input type=\"checkbox\" id=\"lity-terms\" class=\"lity-checkbox\" value=\"lity-terms\">\n                                                                                                                        <label class=\"lity-label font-light\" for=\"lity-terms\" class=\"ml-1\">J&rsquo;ai lu et accept\u00e9 les <a href=\"https:\/\/creandgroup.com\/wp-content\/uploads\/condicions-dus-acces-galeria-multimedia.pdf\" target=\"_blank\">conditions l\u00e9gales pour le t\u00e9l\u00e9chargement<\/a> d&rsquo;images et de documents.<\/label>\n                                              <\/div>\n                      <svg class=\"icon-download-white download-file cursor-pointer w-6 h-6\" width=\"16\" height=\"16\" viewBox=\"0 0 16 16\" fill=\"none\" xmlns=\"https:\/\/www.w3.org\/2000\/svg\">\n<path d=\"M8.00004 2V10.6667\" stroke=\"#369125\" stroke-linecap=\"round\"\/>\n<path d=\"M4.66663 8L7.99996 11.3333L11.3333 8\" stroke=\"#369125\" stroke-linecap=\"round\"\/>\n<path d=\"M13.3333 14.0002H2.66663\" stroke=\"#369125\" stroke-linecap=\"round\"\/>\n<\/svg>                  <\/div>\n                <\/div>\n                                                               <div class=\"post-list-el w-full px-4 md:w-1\/2 lg:w-1\/3\">\n                  <div class=\"relative post-list-el-inner\">\n                      <div class=\"relative block\">\n                        <div class=\"relative post-image w-auto h-auto md:h-80  justify-center items-center flex bg-mercury\">\n                          <img decoding=\"async\" src=\"https:\/\/creandgroup.com\/wp-content\/uploads\/8.-Xavier-Cornella_Creand3.jpg\" alt=\"https:\/\/creandgroup.com\/wp-content\/uploads\/8.-Xavier-Cornella_Creand3.jpg\" class=\"w-auto h-80 mx-auto relative block object-contain object-center pointer-events-none\">\n                        <\/div>\n                        <div class=\"post-category z-10 duration-200 text-xs uppercase hover:bg-white hover:text-primary_direct_green_light cursor-default  absolute top-2 left-2 border border-white px-4 py-1 rounded-full text-white\">\n                          fotos\n                        <\/div>\n                        <div class=\"download-buttons bottom-0 right-0 absolute flex\">\n                          <a href=\"#inline-12709\" data-lity class=\"h-9 w-9 cursor-pointer flex items-center justify-center\"><svg class=\"icon-fit-screen-white w-6 h-6\" width=\"24\" height=\"24\" viewBox=\"0 0 24 24\" fill=\"none\" xmlns=\"https:\/\/www.w3.org\/2000\/svg\">\n<path d=\"M6 16H18V8H6V16ZM8 10H16V14H8V10ZM4 15H2V18C2 19.1 2.9 20 4 20H7V18H4V15ZM4 6H7V4H4C2.9 4 2 4.9 2 6V9H4V6ZM20 4H17V6H20V9H22V6C22 4.9 21.1 4 20 4ZM20 18H17V20H20C21.1 20 22 19.1 22 18V15H20V18Z\" fill=\"white\"\/>\n<\/svg><\/a>\n                        <\/div>\n                      <\/div>\n                      <div class=\"post-info mt-4 font-light\">\n                        <div class=\"header-post-info flex gap-4\">\n                            <div class=\"author\">\n                              <span>Autoria: Eduard Comellas<\/span>\n                            <\/div>\n                        <\/div>\n                        <div class=\"post-description mt-2\">\n                          <h3 class=\"font-bold text-lg leading-tight\">Xavier Cornella Castel<\/h3>\n                          <!-- wp:paragraph -->\n<p>Conseller delegat de Creand (Cr\u00e8dit Andorr\u00e0)<\/p>\n<!-- \/wp:paragraph -->\n                        <\/div>\n                      <\/div>\n                  <\/div>\n                <\/div>\n                <div id=\"inline-12709\" download-info=\"https:\/\/creandgroup.com\/wp-content\/uploads\/8.-Xavier-Cornella_Creand3.jpg\" style=\"background:#fff\" class=\"lity-hide wrapper text-white img-modal\">\n                  <img decoding=\"async\" src=\"https:\/\/creandgroup.com\/wp-content\/uploads\/8.-Xavier-Cornella_Creand3.jpg\" alt=\"https:\/\/creandgroup.com\/wp-content\/uploads\/8.-Xavier-Cornella_Creand3.jpg\" class=\"\">\n                    <div class=\"bg-primary_direct_green_light flex justify-between items-center flex-wrap py-3 pl-9 pr-5\">\n                      <div class=\"wrapper\">\n                        <input type=\"checkbox\" id=\"lity-terms\" class=\"lity-checkbox\" value=\"lity-terms\">\n                                                                                                                        <label class=\"lity-label font-light\" for=\"lity-terms\" class=\"ml-1\">J&rsquo;ai lu et accept\u00e9 les <a href=\"https:\/\/creandgroup.com\/wp-content\/uploads\/condicions-dus-acces-galeria-multimedia.pdf\" target=\"_blank\">conditions l\u00e9gales pour le t\u00e9l\u00e9chargement<\/a> d&rsquo;images et de documents.<\/label>\n                                              <\/div>\n                      <svg class=\"icon-download-white download-file cursor-pointer w-6 h-6\" width=\"16\" height=\"16\" viewBox=\"0 0 16 16\" fill=\"none\" xmlns=\"https:\/\/www.w3.org\/2000\/svg\">\n<path d=\"M8.00004 2V10.6667\" stroke=\"#369125\" stroke-linecap=\"round\"\/>\n<path d=\"M4.66663 8L7.99996 11.3333L11.3333 8\" stroke=\"#369125\" stroke-linecap=\"round\"\/>\n<path d=\"M13.3333 14.0002H2.66663\" stroke=\"#369125\" stroke-linecap=\"round\"\/>\n<\/svg>                  <\/div>\n                <\/div>\n                                                               <div class=\"post-list-el w-full px-4 md:w-1\/2 lg:w-1\/3\">\n                  <div class=\"relative post-list-el-inner\">\n                      <div class=\"relative block\">\n                        <div class=\"relative post-image w-auto h-auto md:h-80  justify-center items-center flex bg-mercury\">\n                          <img decoding=\"async\" src=\"https:\/\/creandgroup.com\/wp-content\/uploads\/9.-Francesca-Ros.jpg\" alt=\"https:\/\/creandgroup.com\/wp-content\/uploads\/9.-Francesca-Ros.jpg\" class=\"w-auto h-80 mx-auto relative block object-contain object-center pointer-events-none\">\n                        <\/div>\n                        <div class=\"post-category z-10 duration-200 text-xs uppercase hover:bg-white hover:text-primary_direct_green_light cursor-default  absolute top-2 left-2 border border-white px-4 py-1 rounded-full text-white\">\n                          fotos\n                        <\/div>\n                        <div class=\"download-buttons bottom-0 right-0 absolute flex\">\n                          <a href=\"#inline-12710\" data-lity class=\"h-9 w-9 cursor-pointer flex items-center justify-center\"><svg class=\"icon-fit-screen-white w-6 h-6\" width=\"24\" height=\"24\" viewBox=\"0 0 24 24\" fill=\"none\" xmlns=\"https:\/\/www.w3.org\/2000\/svg\">\n<path d=\"M6 16H18V8H6V16ZM8 10H16V14H8V10ZM4 15H2V18C2 19.1 2.9 20 4 20H7V18H4V15ZM4 6H7V4H4C2.9 4 2 4.9 2 6V9H4V6ZM20 4H17V6H20V9H22V6C22 4.9 21.1 4 20 4ZM20 18H17V20H20C21.1 20 22 19.1 22 18V15H20V18Z\" fill=\"white\"\/>\n<\/svg><\/a>\n                        <\/div>\n                      <\/div>\n                      <div class=\"post-info mt-4 font-light\">\n                        <div class=\"header-post-info flex gap-4\">\n                            <div class=\"author\">\n                              <span>Autoria: Eduard Comellas<\/span>\n                            <\/div>\n                        <\/div>\n                        <div class=\"post-description mt-2\">\n                          <h3 class=\"font-bold text-lg leading-tight\">Francesca Ros Pascuet<\/h3>\n                          <!-- wp:paragraph -->\n<p>Directora de Creand Fundaci\u00f3<\/p>\n<!-- \/wp:paragraph -->\n                        <\/div>\n                      <\/div>\n                  <\/div>\n                <\/div>\n                <div id=\"inline-12710\" download-info=\"https:\/\/creandgroup.com\/wp-content\/uploads\/9.-Francesca-Ros.jpg\" style=\"background:#fff\" class=\"lity-hide wrapper text-white img-modal\">\n                  <img decoding=\"async\" src=\"https:\/\/creandgroup.com\/wp-content\/uploads\/9.-Francesca-Ros.jpg\" alt=\"https:\/\/creandgroup.com\/wp-content\/uploads\/9.-Francesca-Ros.jpg\" class=\"\">\n                    <div class=\"bg-primary_direct_green_light flex justify-between items-center flex-wrap py-3 pl-9 pr-5\">\n                      <div class=\"wrapper\">\n                        <input type=\"checkbox\" id=\"lity-terms\" class=\"lity-checkbox\" value=\"lity-terms\">\n                                                                                                                        <label class=\"lity-label font-light\" for=\"lity-terms\" class=\"ml-1\">J&rsquo;ai lu et accept\u00e9 les <a href=\"https:\/\/creandgroup.com\/wp-content\/uploads\/condicions-dus-acces-galeria-multimedia.pdf\" target=\"_blank\">conditions l\u00e9gales pour le t\u00e9l\u00e9chargement<\/a> d&rsquo;images et de documents.<\/label>\n                                              <\/div>\n                      <svg class=\"icon-download-white download-file cursor-pointer w-6 h-6\" width=\"16\" height=\"16\" viewBox=\"0 0 16 16\" fill=\"none\" xmlns=\"https:\/\/www.w3.org\/2000\/svg\">\n<path d=\"M8.00004 2V10.6667\" stroke=\"#369125\" stroke-linecap=\"round\"\/>\n<path d=\"M4.66663 8L7.99996 11.3333L11.3333 8\" stroke=\"#369125\" stroke-linecap=\"round\"\/>\n<path d=\"M13.3333 14.0002H2.66663\" stroke=\"#369125\" stroke-linecap=\"round\"\/>\n<\/svg>                  <\/div>\n                <\/div>\n                                          <\/div>\n                          <div class=\"flex justify-center\">\n                  <div id=\"load-more-files-button\" class=\"mx-auto mt-20 cursor-pointer load-more-post-button button-secondary\">Veure m\u00e9s<\/div>\n              <\/div>\n                              <\/div>\n      <\/div>\n<\/section>\n\n<style>\n  .lity-label.error{\n    color: red;\n  }\n  .section-slider-news .slider-filters .filter.active{\n    color: white;\n    background-color: #369125;\n    border: 0px;\n  }\n  .post-list-el-inner .post-image::before{\n    position: absolute;\n    left: 0;\n    top: 0;\n    width: 100%;\n    height: 100%;\n    background-color: #000;\n    opacity: .2;\n    content: '';\n    z-index: 2;\n  }\n  .lity-label a{\n    text-decoration: underline;\n  }\n  .download-buttons a{\n    background: linear-gradient(112.89deg, #369125 3.9%, #70BC8F 83.71%);\n  }\n  .icon-download-white path{\n    stroke:white;\n  }\n  .icon-fit-screen-white path{\n    fill: white;\n  }\n  .filter{\n    transition: background-color 250ms ease-in-out, color 250ms ease-in-out;\n    background: rgba(255, 255, 255, 0.15);\n    letter-spacing: 0.08em;\n    text-transform: uppercase;\n    font-weight: bold;\n  }\n  .active-filter:hover{\n    color: white;\n  }\n  .active-filter{\n    background-color: #369125;\n    color: white;\n  }\n  .img-modal img {  \n    height: 70vh;\n    margin: 0 auto;\n    pointer-events: none;\n    width: auto;\n  }\n  .download-buttons {\n    z-index:3;\n  }\n<\/style>\n\n\n<!-- Se usa -->\n\n<section id=\"block_7c7ee1e9500bc99237719a5621140715\"  data-block_7c7ee1e9500bc99237719a5621140715 class=\"slider-downloads align w-full section-slider-downloads relative block clear-both overflow-hidden py-16 mt-8 lg:mt-16\" data-aos=\"fade\" data-aos-duration=\"500\"  data-aos-delay=\"0\" data-aos-easing=\"ease-in-out\" data-aos-once=\"true\" >\n      <div class=\"container\">\n        <div class=\"section-info\">\n          <h2 class=\"font-tiempos_bold text-title\"><p>Identit\u00e9 d\u2019entreprise<\/p>\n<\/h2>\n        <\/div>\n                  <div class=\"section-content swiper overflow-hidden download-file-list py-14\">\n            <div class=\"swiper-wrapper flex flex-nowrap\">\n                                                   <div class=\"swiper-slide wrapper-animation\" data-aos=\"fade-down\" data-aos-duration=\"500\"  data-aos-delay=\"0\" data-aos-easing=\"ease-in-out\" data-aos-once=\"true\">\n                    <div class=\"relative download-file-list-el h-76 duration-300 transition ease-in-out transform hover:scale-110 card-white\">\n                        <div class=\"download-file-list-el-inner pt-10 pb-6 flex flex-wrap justify-center white\">\n                          <img decoding=\"async\" src=\"https:\/\/creandgroup.com\/wp-content\/uploads\/Creand-CA-LVerde-FBlanco-RGB.png\" alt=\"Creand CA LVerde FBlanco RGB\"> \n                          <div class=\"file-info w-full mt-5 text-center\">Logo Creand Cr\u00e8dit Andorr\u00e0 RGB &#8211; PNG<br><span>(28,86 Ko)<\/span><\/div>\n                          <a href=\"https:\/\/creandgroup.com\/wp-content\/uploads\/Creand-CA-LVerde-FBlanco-RGB.png\" class=\"mt-4 flex items-center download-card-link\" target=\"_blank\" download>\n                            T\u00e9l\u00e9charger <span><svg class=\"icon-donwload cursor-pointer ml-1\" width=\"16\" height=\"16\" viewBox=\"0 0 16 16\" fill=\"none\" xmlns=\"https:\/\/www.w3.org\/2000\/svg\">\n<path d=\"M8.00004 2V10.6667\" stroke=\"#369125\" stroke-linecap=\"round\"\/>\n<path d=\"M4.66663 8L7.99996 11.3333L11.3333 8\" stroke=\"#369125\" stroke-linecap=\"round\"\/>\n<path d=\"M13.3333 14.0002H2.66663\" stroke=\"#369125\" stroke-linecap=\"round\"\/>\n<\/svg><\/span> \n                          <\/a>\n                        <\/div>\n                    <\/div>\n                  <\/div>\n                                                                     <div class=\"swiper-slide wrapper-animation\" data-aos=\"fade-down\" data-aos-duration=\"500\"  data-aos-delay=\"150\" data-aos-easing=\"ease-in-out\" data-aos-once=\"true\">\n                    <div class=\"relative download-file-list-el h-76 duration-300 transition ease-in-out transform hover:scale-110 card-white\">\n                        <div class=\"download-file-list-el-inner pt-10 pb-6 flex flex-wrap justify-center white\">\n                          <img decoding=\"async\" src=\"https:\/\/creandgroup.com\/wp-content\/uploads\/Creand-CA-LNegro-FBlanco-RGB.png\" alt=\"Creand CA LNegro FBlanco RGB\"> \n                          <div class=\"file-info w-full mt-5 text-center\">Logo Creand Cr\u00e8dit Andorr\u00e0 RGB &#8211; PNG<br><span>(26,40 Ko)<\/span><\/div>\n                          <a href=\"https:\/\/creandgroup.com\/wp-content\/uploads\/Creand-CA-LNegro-FBlanco-RGB.png\" class=\"mt-4 flex items-center download-card-link\" target=\"_blank\" download>\n                            T\u00e9l\u00e9charger <span><svg class=\"icon-donwload cursor-pointer ml-1\" width=\"16\" height=\"16\" viewBox=\"0 0 16 16\" fill=\"none\" xmlns=\"https:\/\/www.w3.org\/2000\/svg\">\n<path d=\"M8.00004 2V10.6667\" stroke=\"#369125\" stroke-linecap=\"round\"\/>\n<path d=\"M4.66663 8L7.99996 11.3333L11.3333 8\" stroke=\"#369125\" stroke-linecap=\"round\"\/>\n<path d=\"M13.3333 14.0002H2.66663\" stroke=\"#369125\" stroke-linecap=\"round\"\/>\n<\/svg><\/span> \n                          <\/a>\n                        <\/div>\n                    <\/div>\n                  <\/div>\n                                                                     <div class=\"swiper-slide wrapper-animation\" data-aos=\"fade-down\" data-aos-duration=\"500\"  data-aos-delay=\"300\" data-aos-easing=\"ease-in-out\" data-aos-once=\"true\">\n                    <div class=\"relative download-file-list-el h-76 duration-300 transition ease-in-out transform hover:scale-110 card-white\">\n                        <div class=\"download-file-list-el-inner pt-10 pb-6 flex flex-wrap justify-center white\">\n                          <img decoding=\"async\" src=\"https:\/\/creandgroup.com\/wp-content\/uploads\/Creand-CA-LNegro-FBlanco-CMYK.jpg\" alt=\"Creand CA LNegro FBlanco CMYK\"> \n                          <div class=\"file-info w-full mt-5 text-center\">Logo Creand Cr\u00e8dit Andorr\u00e0 CMYK &#8211; JPG<br><span>(32,84 Ko)<\/span><\/div>\n                          <a href=\"https:\/\/creandgroup.com\/wp-content\/uploads\/Creand-CA-LNegro-FBlanco-CMYK.jpg\" class=\"mt-4 flex items-center download-card-link\" target=\"_blank\" download>\n                            T\u00e9l\u00e9charger <span><svg class=\"icon-donwload cursor-pointer ml-1\" width=\"16\" height=\"16\" viewBox=\"0 0 16 16\" fill=\"none\" xmlns=\"https:\/\/www.w3.org\/2000\/svg\">\n<path d=\"M8.00004 2V10.6667\" stroke=\"#369125\" stroke-linecap=\"round\"\/>\n<path d=\"M4.66663 8L7.99996 11.3333L11.3333 8\" stroke=\"#369125\" stroke-linecap=\"round\"\/>\n<path d=\"M13.3333 14.0002H2.66663\" stroke=\"#369125\" stroke-linecap=\"round\"\/>\n<\/svg><\/span> \n                          <\/a>\n                        <\/div>\n                    <\/div>\n                  <\/div>\n                                                                     <div class=\"swiper-slide wrapper-animation\" data-aos=\"fade-down\" data-aos-duration=\"500\"  data-aos-delay=\"450\" data-aos-easing=\"ease-in-out\" data-aos-once=\"true\">\n                    <div class=\"relative download-file-list-el h-76 duration-300 transition ease-in-out transform hover:scale-110 card-green\">\n                        <div class=\"download-file-list-el-inner pt-10 pb-6 flex flex-wrap justify-center green\">\n                          <img decoding=\"async\" src=\"https:\/\/creandgroup.com\/wp-content\/uploads\/Creand-CA-LBlanco-FNegro-RGB.png\" alt=\"Creand CA LBlanco FNegro RGB\"> \n                          <div class=\"file-info w-full mt-5 text-center\">Logo Creand Cr\u00e8dit Andorr\u00e0 RGB &#8211; PNG<br><span>(28,69 Ko)<\/span><\/div>\n                          <a href=\"https:\/\/creandgroup.com\/wp-content\/uploads\/Creand-CA-LBlanco-FNegro-RGB.png\" class=\"mt-4 flex items-center download-card-link\" target=\"_blank\" download>\n                            T\u00e9l\u00e9charger <span><svg class=\"icon-donwload cursor-pointer ml-1\" width=\"16\" height=\"16\" viewBox=\"0 0 16 16\" fill=\"none\" xmlns=\"https:\/\/www.w3.org\/2000\/svg\">\n<path d=\"M8.00004 2V10.6667\" stroke=\"#369125\" stroke-linecap=\"round\"\/>\n<path d=\"M4.66663 8L7.99996 11.3333L11.3333 8\" stroke=\"#369125\" stroke-linecap=\"round\"\/>\n<path d=\"M13.3333 14.0002H2.66663\" stroke=\"#369125\" stroke-linecap=\"round\"\/>\n<\/svg><\/span> \n                          <\/a>\n                        <\/div>\n                    <\/div>\n                  <\/div>\n                                                                     <div class=\"swiper-slide wrapper-animation\" data-aos=\"fade-down\" data-aos-duration=\"500\"  data-aos-delay=\"600\" data-aos-easing=\"ease-in-out\" data-aos-once=\"true\">\n                    <div class=\"relative download-file-list-el h-76 duration-300 transition ease-in-out transform hover:scale-110 card-black\">\n                        <div class=\"download-file-list-el-inner pt-10 pb-6 flex flex-wrap justify-center black\">\n                          <img decoding=\"async\" src=\"https:\/\/creandgroup.com\/wp-content\/uploads\/Creand-CA-LBlanco-FNegro-CMYK.jpg\" alt=\"Creand CA LBlanco FNegro CMYK\"> \n                          <div class=\"file-info w-full mt-5 text-center\">Logo Creand Cr\u00e8dit Andorr\u00e0 CMYK &#8211; JPG<br><span>(32,91 Ko)<\/span><\/div>\n                          <a href=\"https:\/\/creandgroup.com\/wp-content\/uploads\/Creand-CA-LBlanco-FNegro-CMYK.jpg\" class=\"mt-4 flex items-center download-card-link\" target=\"_blank\" download>\n                            T\u00e9l\u00e9charger <span><svg class=\"icon-donwload cursor-pointer ml-1\" width=\"16\" height=\"16\" viewBox=\"0 0 16 16\" fill=\"none\" xmlns=\"https:\/\/www.w3.org\/2000\/svg\">\n<path d=\"M8.00004 2V10.6667\" stroke=\"#369125\" stroke-linecap=\"round\"\/>\n<path d=\"M4.66663 8L7.99996 11.3333L11.3333 8\" stroke=\"#369125\" stroke-linecap=\"round\"\/>\n<path d=\"M13.3333 14.0002H2.66663\" stroke=\"#369125\" stroke-linecap=\"round\"\/>\n<\/svg><\/span> \n                          <\/a>\n                        <\/div>\n                    <\/div>\n                  <\/div>\n                                          <\/div>\n                          <div class=\"flex justify-end swiper-navigation-arrows mt-10\">\n            <div class=\"navigation-prev transform rotate-180 cursor-pointer hover:bg-primary_vista_blue opacity-50 hover:bg-opacity-60 self-end\">\n              <svg class=\"icon-arrow-right\" width=\"35\" height=\"35\" viewBox=\"0 0 35 35\" fill=\"none\" xmlns=\"https:\/\/www.w3.org\/2000\/svg\">\n<path d=\"M4.375 17.5L30.625 17.5\" stroke=\"black\" stroke-width=\"1.5\" stroke-linecap=\"round\"\/>\n<path d=\"M21.875 26.25L30.625 17.5L21.875 8.75\" stroke=\"black\" stroke-width=\"1.5\" stroke-linecap=\"round\"\/>\n<\/svg> \n            <\/div>\n            <div class=\"self-end navigation-next mr-2 cursor-pointer hover:bg-primary_vista_blue hover:bg-opacity-60\">\n              <svg class=\"icon-arrow-right\" width=\"35\" height=\"35\" viewBox=\"0 0 35 35\" fill=\"none\" xmlns=\"https:\/\/www.w3.org\/2000\/svg\">\n<path d=\"M4.375 17.5L30.625 17.5\" stroke=\"black\" stroke-width=\"1.5\" stroke-linecap=\"round\"\/>\n<path d=\"M21.875 26.25L30.625 17.5L21.875 8.75\" stroke=\"black\" stroke-width=\"1.5\" stroke-linecap=\"round\"\/>\n<\/svg> \n            <\/div>\n          <\/div>\n              <\/div>\n<\/section>\n<style>\n  .card-white{\n    box-shadow: 0px 4px 51px rgba(0, 0, 0, 0.07);\n  }\n  .card-white .download-card-link{\n    color:#369125;\n  }\n  .card-black{\n    background: #000000;\n    color: white;\n  }\n  .card-black svg path{\n    stroke: white;\n  }\n  .card-green{\n    background: linear-gradient(112.89deg, #369125 3.9%, #70BC8F 83.71%);\n    color: white;\n  }\n  .card-green svg path{\n    stroke: white;\n  }\n<\/style>","protected":false},"excerpt":{"rendered":"","protected":false},"author":1,"featured_media":0,"parent":8161,"menu_order":0,"comment_status":"closed","ping_status":"closed","template":"","meta":{"_acf_changed":true,"inline_featured_image":false,"footnotes":""},"class_list":["post-8157","page","type-page","status-publish","hentry"],"acf":[],"_links":{"self":[{"href":"https:\/\/creandgroup.com\/fr\/wp-json\/wp\/v2\/pages\/8157","targetHints":{"allow":["GET"]}}],"collection":[{"href":"https:\/\/creandgroup.com\/fr\/wp-json\/wp\/v2\/pages"}],"about":[{"href":"https:\/\/creandgroup.com\/fr\/wp-json\/wp\/v2\/types\/page"}],"author":[{"embeddable":true,"href":"https:\/\/creandgroup.com\/fr\/wp-json\/wp\/v2\/users\/1"}],"replies":[{"embeddable":true,"href":"https:\/\/creandgroup.com\/fr\/wp-json\/wp\/v2\/comments?post=8157"}],"version-history":[{"count":0,"href":"https:\/\/creandgroup.com\/fr\/wp-json\/wp\/v2\/pages\/8157\/revisions"}],"up":[{"embeddable":true,"href":"https:\/\/creandgroup.com\/fr\/wp-json\/wp\/v2\/pages\/8161"}],"wp:attachment":[{"href":"https:\/\/creandgroup.com\/fr\/wp-json\/wp\/v2\/media?parent=8157"}],"curies":[{"name":"wp","href":"https:\/\/api.w.org\/{rel}","templated":true}]}}